{"id":3,"date":"2020-04-08T10:23:39","date_gmt":"2020-04-08T08:23:39","guid":{"rendered":"https:\/\/bonawinery.mediachain.eu\/?page_id=3"},"modified":"2021-01-19T14:25:54","modified_gmt":"2021-01-19T13:25:54","slug":"adatvedelmi-iranyelvek","status":"publish","type":"page","link":"https:\/\/bonawinery.sk\/hu\/adatvedelmi-iranyelvek\/","title":{"rendered":"Adatv\u00e9delmi Ir\u00e1nyelvek"},"content":{"rendered":"<p>[vc_row][vc_column][vc_column_text]<\/p>\r\n<p>Sz\u00e1munkra nagyon fontos a szem\u00e9lyes adatok v\u00e9delme. Ez\u00e9rt a hozz\u00e1nk be\u00e9rkez\u0151 adatokat kiz\u00e1r\u00f3lag a jogszab\u00e1lyok alapj\u00e1n dolgozzuk fel. Adatv\u00e9delmi politik\u00e1nk t\u00e1j\u00e9koztatja \u00d6nt a weboldalunkon bel\u00fcli adatfeldolgoz\u00e1s szempontjair\u00f3l.<\/p>\r\n<p><strong>I.\u00a0\u00a0 \u00a0\u00c1LTAL\u00c1NOS RENDELKEZ\u00c9SEK<\/strong><\/p>\r\n<p>1.\u00a0\u00a0 \u00a0Az al\u00e1bbi Adatkezel\u00e9si szab\u00e1lyzat a\u00a0<strong>B\u00f3na W&amp;T s.r.o.<\/strong>\u00a0sz\u00e1m\u00e1ra az al\u00e1bbi internetes oldalon kereszt\u00fcl \u00e1tadott adatok kezel\u00e9s\u00e9r\u0151l rendelkezik : www.bonawinery.sk<\/p>\r\n<p>2.\u00a0\u00a0 \u00a0Az internetes oldalon kereszt\u00fcl megadott szem\u00e9lyes adatok kezel\u0151je a\u00a0<strong>B\u00f3na W&amp;T s.r.o..<\/strong>, sz\u00e9khely: Pova\u017esk\u00e1 u. 18, 940 01 Nov\u00e9 Z\u00e1mky, Ad\u00f3sz\u00e1m: 2020414671 \/ EU ad\u00f3sz\u00e1m:\u00a0 SK2020414671, Telefonsz\u00e1m: + 421 905708083, e-mail: objednavky@bonawinery.sk, a tov\u00e1bbiakban Adatkezel\u0151.<\/p>\r\n<p>3.\u00a0\u00a0 \u00a0Az internetes oldalon kereszt\u00fcl szolg\u00e1ltatott szem\u00e9lyes adatok kezel\u00e9se az\u00a0<strong>Eur\u00f3pai Parlament \u00e9s Tan\u00e1cs 2016.04.27-ei,\u00a0 (EU) 2016\/679-es<\/strong>\u00a0sz\u00e1m\u00fa, a term\u00e9szetes szem\u00e9lyeknek a szem\u00e9lyes adatok kezel\u00e9se tekintet\u00e9ben t\u00f6rt\u00e9n\u0151 v\u00e9delm\u00e9r\u0151l \u00e9s az ilyen adatok szabad \u00e1raml\u00e1s\u00e1r\u00f3l sz\u00f3l\u00f3 rendelet\u00e9nek megfelel\u0151en t\u00f6rt\u00e9nik,<\/p>\r\n<p>4.\u00a0\u00a0 \u00a0Az Adatkezel\u0151 k\u00fcl\u00f6n\u00f6s figyelmet ford\u00edt azon szem\u00e9lyek \u00e9rdekeinek v\u00e9delm\u00e9re, akik a honlapon kereszt\u00fcl adj\u00e1k meg az adataikat, \u00e9s k\u00fcl\u00f6n\u00f6sen biztos\u00edtja, hogy az \u00e1ltala \u00f6sszegy\u0171jt\u00f6tt adatok a megfelel\u0151 technikai \u00e9s szervezeti int\u00e9zked\u00e9sek felhaszn\u00e1l\u00e1s\u00e1val: a t\u00f6rv\u00e9nynek megfelel\u0151en ker\u00fclnek feldolgoz\u00e1sra;\u00a0 csak el\u0151re meghat\u00e1rozott, t\u00f6rv\u00e9nyes c\u00e9lokra ker\u00fclnek felhaszn\u00e1l\u00e1sra, \u00e9s az e c\u00e9lokkal \u00f6sszeegyeztethetetlen tov\u00e1bbi feldolgoz\u00e1s t\u00e1rgy\u00e1t nem k\u00e9pezik; t\u00e9nylegesen helyesek \u00e9s megfelelnek a feldolgoz\u00e1s c\u00e9lj\u00e1nak;\u00a0 t\u00e1rol\u00e1suk lehet\u0151v\u00e9 teszi az \u00e9rintett szem\u00e9ly azonos\u00edt\u00e1s\u00e1t, nem haladja meg a feldolgoz\u00e1s c\u00e9lj\u00e1t, \u00e9s olyan m\u00f3don ker\u00fclnek feldolgoz\u00e1sra, mely garant\u00e1lja a szem\u00e9lyes adatok megfelel\u0151 biztons\u00e1g\u00e1t, ide\u00e9rtve a jogosulatlan vagy jogellenes feldolgoz\u00e1ssal \u00e9s v\u00e9letlen adatveszt\u00e9ssel, megsemmis\u00edt\u00e9ssel vagy k\u00e1ros\u00edt\u00e1ssal szembeni v\u00e9delmet.<\/p>\r\n<p>5.\u00a0\u00a0 \u00a0Figyelembe v\u00e9ve a szem\u00e9lyes adatok feldolgoz\u00e1s\u00e1nak term\u00e9szet\u00e9t, terjedelm\u00e9t, \u00f6sszef\u00fcgg\u00e9seit \u00e9s c\u00e9ljait, valamint azon szem\u00e9lyek jogait vagy szabads\u00e1gait, akiknek az adatait k\u00fcl\u00f6nb\u00f6z\u0151 val\u00f3sz\u00edn\u0171s\u00e9ggel el\u0151fordul\u00f3 esem\u00e9nyek \u00e9s vesz\u00e9ly fenyegeti, az Adatkezel\u0151 megfelel\u0151 technikai \u00e9s szervez\u00e9si int\u00e9zked\u00e9seket hajt v\u00e9gre annak \u00e9rdek\u00e9ben, hogy biztos\u00edtsa a szem\u00e9lyes adatok feldolgoz\u00e1s\u00e1nak biztons\u00e1g\u00e1t; k\u00fcl\u00f6n\u00f6sen tekintettel az olyan technikai int\u00e9zked\u00e9sek alkalmaz\u00e1s\u00e1ra, amelyek megakad\u00e1lyozz\u00e1k az illet\u00e9ktelen szem\u00e9lyek \u00e1ltal elektronikus \u00faton tov\u00e1bb\u00edtott szem\u00e9lyes adatok megszerz\u00e9s\u00e9t \u00e9s m\u00f3dos\u00edt\u00e1s\u00e1t.<\/p>\r\n<p><strong>II.\u00a0 A SZEM\u00c9LYES ADATOK GY\u0170JT\u00c9S\u00c9NEK C\u00c9LJA, ILLETVE A SZEM\u00c9LYES ADATOK BEFOGAD\u00d3I<\/strong><\/p>\r\n<p>1.\u00a0\u00a0 \u00a0A weboldalon kereszt\u00fcl gy\u0171jt\u00f6tt szem\u00e9lyes adatok az Adatkezel\u0151 \u00e1ltal a k\u00f6vetkez\u0151 c\u00e9lok \u00e9rdek\u00e9ben ker\u00fclnek feldolgoz\u00e1sra:<\/p>\r\n<p><strong>a)\u00a0\u00a0 \u00a0aj\u00e1nlatt\u00e9tellel kapcsolatos k\u00e9rd\u00e9sek megv\u00e1laszol\u00e1sa<\/strong><\/p>\r\n<p><strong>b)\u00a0\u00a0 \u00a0kereskedelmi inform\u00e1ci\u00f3 k\u00fcld\u00e9se<\/strong><\/p>\r\n<p>2.\u00a0\u00a0 \u00a0A weboldalon kereszt\u00fcl gy\u0171jt\u00f6tt szem\u00e9lyes adatokat az Adatkezel\u0151 a k\u00f6vetkez\u0151 entit\u00e1sok rendelkez\u00e9s\u00e9re bocs\u00e1thatja:<\/p>\r\n<p>Fut\u00e1r-, sz\u00e1ll\u00edtm\u00e1nyoz\u00e1si, fuvaroz\u00e1si \u00e9s postai szolg\u00e1ltat\u00e1sokat ny\u00fajt\u00f3 partnerek. sz\u00e1mviteli, jogi \u00e9s tan\u00e1csad\u00f3i szolg\u00e1ltat\u00e1sok ny\u00fajt\u00f3ival, amelyek az Adatkezel\u0151t sz\u00e1mviteli, jogi vagy tan\u00e1csad\u00e1si t\u00e1mogat\u00e1ssal l\u00e1tj\u00e1k el, illetve amelyek az Adatkezel\u0151t olyan informatikai megold\u00e1sokkal l\u00e1tj\u00e1k el, amelyek lehet\u0151v\u00e9 teszik az Adatkezel\u0151 sz\u00e1m\u00e1ra az \u00fczleti tev\u00e9kenys\u00e9g v\u00e9gz\u00e9s\u00e9t, bele\u00e9rtve a weboldal \u00e9s az \u00e1ltala ny\u00fajtott szolg\u00e1ltat\u00e1sok m\u0171k\u00f6dtet\u00e9s\u00e9t (k\u00fcl\u00f6n\u00f6sen a weboldal m\u0171k\u00f6dtet\u00e9s\u00e9t biztos\u00edt\u00f3 szoftver szolg\u00e1ltat\u00f3j\u00e1ra, az e-mail \u00e9s a t\u00e1rhely szolg\u00e1ltat\u00f3j\u00e1ra, valamint a v\u00e1llalatir\u00e1ny\u00edt\u00e1sra \u00e9s a technikai seg\u00edts\u00e9gny\u00fajt\u00e1sra sz\u00e1nt szoftverek besz\u00e1ll\u00edt\u00f3j\u00e1ra), felt\u00e9ve, hogy az Adatkezel\u0151 a nev\u00e9ben elj\u00e1r\u00f3 kiv\u00e1lasztott szolg\u00e1ltat\u00f3 r\u00e9sz\u00e9re gy\u0171jt\u00f6tt szem\u00e9lyes adatokat csak az adatfeldolgoz\u00e1s meghat\u00e1rozott c\u00e9lj\u00e1nak el\u00e9r\u00e9s\u00e9hez sz\u00fcks\u00e9ges esetben\u00a0 az Adatv\u00e9delmi ir\u00e1nyelveknek megfelel\u0151en adja \u00e1t.<\/p>\r\n<p><strong>III.\u00a0\u00a0 \u00a0AZ ADATOK KEZEL\u00c9S\u00c9NEK ALAPJA \u00c9S MEG\u0150RZ\u00c9S\u00dcK ID\u0150TARTAMA<\/strong><\/p>\r\n<p>1.\u00a0\u00a0 \u00a0A szem\u00e9lyes adatok megad\u00e1sa a honlapon kereszt\u00fcl a felhaszn\u00e1l\u00f3k r\u00e9sz\u00e9r\u0151l \u00f6nk\u00e9ntes, azonban amennyiben nem adj\u00e1k meg az Kapcsolat \u0171rlapon, a k\u00e9rd\u00e9s megv\u00e1laszol\u00e1s\u00e1hoz sz\u00fcks\u00e9ges szem\u00e9lyes adatokat, akkor nincs lehet\u0151s\u00e9g az aj\u00e1nlat- vagy inform\u00e1ci\u00f3k\u00e9r\u00e9s megv\u00e1laszol\u00e1s\u00e1ra.<\/p>\r\n<p>2.\u00a0\u00a0 \u00a0Amennyiben a szem\u00e9lyes adatok kezel\u00e9se az aj\u00e1nlatk\u00e9r\u00e9s megv\u00e1laszol\u00e1sa c\u00e9lj\u00e1b\u00f3l inform\u00e1ci\u00f3k\u00e9r\u00e9s t\u00f6rt\u00e9nik, \u00fagy az Adatkezel\u0151 sz\u00e1m\u00e1ra az adatok kezel\u00e9se szempontj\u00e1b\u00f3l alapvet\u0151 feladata, hogy a felhaszn\u00e1l\u00f3 k\u00e9r\u00e9s\u00e9re, melynek adatair\u00f3l sz\u00f3 van, a szerz\u0151d\u00e9sk\u00f6t\u00e9s el\u0151tt a megfelel\u0151 int\u00e9zked\u00e9sek mellett kezelj\u00e9k. (az adatv\u00e9delemr\u0151l sz\u00f3l\u00f3 rendelet 6. Cikke, (1) bekezd\u00e9se b. pontja).<\/p>\r\n<p>Abban az esetben, ha az adatfeldolgoz\u00e1s elektronikus \u00faton t\u00f6rt\u00e9n\u0151 kereskedelmi inform\u00e1ci\u00f3 k\u00fcld\u00e9se c\u00e9lj\u00e1b\u00f3l t\u00f6rt\u00e9nik, \u00fagy a szem\u00e9lyes adatok feldolgoz\u00e1s\u00e1hoz el\u0151zetes hozz\u00e1j\u00e1rul\u00e1s sz\u00fcks\u00e9ges (\u00e1ltal\u00e1nos adatv\u00e9delmi rendelet 6. cikk. (1) bekezd\u00e9s a pont).<\/p>\r\n<p>3.\u00a0\u00a0 \u00a0A weboldalon kereszt\u00fcl gy\u0171jt\u00f6tt szem\u00e9lyes adatokat az Adatkezel\u0151 a k\u00f6vetkez\u0151 id\u0151szakban t\u00e1rolja:<\/p>\r\n<p>a)\u00a0\u00a0 \u00a0Amennyiben a szem\u00e9lyes adatok aj\u00e1nlatk\u00e9r\u00e9s c\u00e9lj\u00e1b\u00f3l, ker\u00fcltek feldolgoz\u00e1sra \u2013 egy\u00e9b szerz\u0151d\u00e9sben foglaltak v\u00e9grehajt\u00e1s\u00e1nak ideje, szerz\u0151d\u00e9s felbont\u00e1sa, megsz\u00fcn\u00e9se, az aj\u00e1nlatt\u00e9telhez sz\u00fcks\u00e9ges id\u0151szak.\u00a0 Ezt k\u00f6vet\u0151en, az adatok csak annyi ideig t\u00e1rolhat\u00f3k, ameddig a szerz\u0151d\u00e9sben foglaltak szerint az Adatkezel\u0151nek a szerz\u0151d\u00e9sre vonatkoz\u00f3 tov\u00e1bbi k\u00f6vetel\u00e9se lehet a szerz\u0151d\u00f6tt f\u00e9llel szemben, illetve a szerz\u0151d\u00f6tt f\u00e9lnek k\u00f6vetel\u00e9se lehet az Adatfeldolgoz\u00f3val szemben.<br \/>b)\u00a0\u00a0 \u00a0\u00a0Abban az esetben, ha a szem\u00e9lyes adatok feldolgoz\u00e1sa kereskedelmi inform\u00e1ci\u00f3 elektronikus \u00faton t\u00f6rt\u00e9n\u0151 tov\u00e1bb\u00edt\u00e1s\u00e1ra szolg\u00e1l \u2013 am\u00edg az \u00e9rintett szem\u00e9ly a hozz\u00e1j\u00e1rul\u00e1s\u00e1t vissza nem vonja.<\/p>\r\n<p><strong>IV.\u00a0\u00a0 \u00a0AZ ADATOKHOZ VAL\u00d3 SZABAD HOZZ\u00c1F\u00c9R\u00c9S \u00c9S M\u00d3DOS\u00cdT\u00c1S JOGA, ILLETVE AZ ADATAIKAT RENDELKEZ\u00c9SRE BOCS\u00c1T\u00d3 SZEM\u00c9LYEK TOV\u00c1BBI JOGAI<\/strong><\/p>\r\n<p>1.\u00a0\u00a0 \u00a0A weboldal felhaszn\u00e1l\u00f3j\u00e1nak joga van k\u00e9rni az Adatkezel\u0151t\u0151l a szem\u00e9lyes adataihoz val\u00f3 hozz\u00e1f\u00e9r\u00e9st (t\u00e1j\u00e9koztat\u00e1st a feldolgozott adatokr\u00f3l, valamint azok m\u00e1solat\u00e1t), helyesb\u00edt\u00e9s\u00e9t (adatm\u00f3dos\u00edt\u00e1s), elt\u00e1vol\u00edt\u00e1s\u00e1t, vagy a kezel\u00e9s korl\u00e1toz\u00e1s\u00e1t, jog\u00e1ban \u00e1ll kifog\u00e1st emelni a feldolgoz\u00e1ssal szemben, illetve joga van adatainak \u00e1tad\u00e1s\u00e1ra egy m\u00e1sik adatkezel\u0151nek.<\/p>\r\n<p>2.\u00a0\u00a0 \u00a0Annak az online felhaszn\u00e1l\u00f3nak, akinek az adatait az Adatkezel\u0151 elektronikus \u00faton k\u00fcld\u00f6tt\u00a0 kereskedelmi inform\u00e1ci\u00f3 tov\u00e1bb\u00edt\u00e1s\u00e1ra, a felhaszn\u00e1l\u00f3 kifejezett hozz\u00e1j\u00e1rul\u00e1sa alapj\u00e1n kezeli (az \u00e1ltal\u00e1nos adatv\u00e9delmi rendelet 6. cikke (1) bekezd\u00e9se, 1. Pontja alapj\u00e1n), b\u00e1rmikor joga van visszavonni a hozz\u00e1j\u00e1rul\u00e1s\u00e1t.<\/p>\r\n<p>3.\u00a0\u00a0 \u00a0Azon felhaszn\u00e1l\u00f3knak, akiknek az adatait az Adatkezel\u0151 kezeli, b\u00e1rmikor joguk van kifog\u00e1st emelni , a szem\u00e9lyes adataik kezel\u00e9s\u00e9vel szemben az adatv\u00e9delmi szab\u00e1lyoz\u00e1s 6. Cikke (1) bekezd\u00e9se, e. pontj\u00e1nak (k\u00f6z\u00e9rdek vagy k\u00f6zfeladatok) vagy f. pontj\u00e1nak (az Adatkezel\u0151 jogos \u00e9rdeke) \u00e9rtelm\u00e9ben. Az Adatkezel\u0151nek ebben az esetben m\u00e1r nem szabad feldolgozni ezeket a szem\u00e9lyes adatokat, kiv\u00e9ve, ha olyan val\u00f3s \u00e9s megalapozot jogi alapot mutat fel a feldolgoz\u00e1sra, melyek az adott szem\u00e9ly jogait \u00e9s szabads\u00e1gait \u00e9rintik, nyomoz\u00e1st vagy v\u00e9delmet szolg\u00e1lnak.<\/p>\r\n<p><strong>V .\u00a0\u00a0 \u00a0PANASZ BENY\u00daJT\u00c1S\u00c1NAK JOGA<\/strong><\/p>\r\n<p>A k\u00f6vetkez\u0151 el\u00e9rhet\u0151s\u00e9geken fogadjuk az adatkezel\u00e9s jogszer\u0171s\u00e9g\u00e9vel kapcsolatos panaszokat, valamint az adatkezel\u00e9ssel kapcsolatos int\u00e9zked\u00e9sekre vonatkoz\u00f3 javaslatokat is:<\/p>\r\n<ul>\r\n<li>objednavky@bonawinery.sk<\/li>\r\n<\/ul>\r\n<p>Amennyiben \u00fagy \u00edt\u00e9li meg, hogy adatainak feldolgoz\u00e1sa s\u00e9r\u00fclt az adatv\u00e9delmi t\u00f6rv\u00e9ny rendelkez\u00e9sei alapj\u00e1n, vagy m\u00e1s adatv\u00e9delemmel kapcsolatos \u00e9szrev\u00e9tel\u00e9t jelezn\u00e9, jog\u00e1ban \u00e1ll kapcsolatba l\u00e9pni a fel\u00fcgyeleti szervvel.<\/p>\r\n<p><strong>VI.\u00a0\u00a0 \u00a0COOKIES \u00c9S KEZEL\u00c9SI ADATOK<\/strong><\/p>\r\n<p>1.\u00a0\u00a0 \u00a0A s\u00fctik (cookie-k) sz\u00f6veges f\u00e1jlok form\u00e1j\u00e1ban t\u00e1rolt r\u00f6vid inform\u00e1ci\u00f3k, melyeket a szerver k\u00fcld \u00e9s az internetes oldal felhaszn\u00e1l\u00f3j\u00e1n\u00e1l ker\u00fclnek t\u00e1rol\u00e1sra.<\/p>\r\n<p>2.\u00a0\u00a0 \u00a0Az adatkezel\u0151 a Cookie f\u00e1jlokban t\u00e1rolt inform\u00e1ci\u00f3kat az al\u00e1bbi m\u00f3dokon haszn\u00e1lhatja fel az alatt az id\u0151 alatt, am\u00edg a felhaszn\u00e1l\u00f3 az oldalon tart\u00f3zkodik:<br \/>a)\u00a0\u00a0 \u00a0a webhelyre bejelentkezett szem\u00e9lyek azonos\u00edt\u00e1s\u00e1ra, \u00e9s a bejelentkzez\u00e9s t\u00e9ny\u00e9nek meg\u00e1llap\u00edt\u00e1s\u00e1ra;<br \/>b)\u00a0\u00a0 \u00a0bejelentkez\u00e9si adatok, illetve a Kontakt \u0171rlapon megadott adatok t\u00e1rol\u00e1s\u00e1ra;<br \/>c)\u00a0\u00a0 \u00a0a weboldal tartalm\u00e1nak testreszab\u00e1s\u00e1ra az egyes felhaszn\u00e1l\u00f3k szem\u00e9lyes be\u00e1ll\u00edt\u00e1sainak megfelel\u0151en (pl. sz\u00edn, bet\u0171m\u00e9ret, elrendez\u00e9s), \u00e9s a weboldal haszn\u00e1lat\u00e1nak optimaliz\u00e1l\u00e1s\u00e1ra;<br \/>d)\u00a0\u00a0 \u00a0n\u00e9vtelen statisztik\u00e1k vezet\u00e9s\u00e9re a weboldal haszn\u00e1lat\u00e1nak m\u00f3dj\u00e1r\u00f3l;<\/p>\r\n<p>3.\u00a0\u00a0 \u00a0A piacon el\u00e9rhet\u0151 internetes b\u00f6ng\u00e9sz\u0151k t\u00f6bbs\u00e9ge alap\u00e9rtelmez\u00e9s szerint elfogadja a cookie-k ment\u00e9s\u00e9t. Mindenkinek meghat\u00e1rozhatja a Cookie-k haszn\u00e1lat\u00e1nak felt\u00e9teleit a saj\u00e1t b\u00f6ng\u00e9sz\u00fcj\u00e9nek be\u00e1ll\u00edt\u00e1saiban. Ez azt jelenti, hogy pl. r\u00e9szlegesen cs\u00f6kkenthetik, vagy teljesen le is tilthatj\u00e1k a Cookie-k ment\u00e9s\u00e9t \u2013 ez ut\u00f3bbi eset azonban hat\u00e1ssal lehet a honlap m\u0171k\u00f6d\u00e9s\u00e9re.<\/p>\r\n<p>4.\u00a0\u00a0 \u00a0A b\u00f6ng\u00e9sz\u0151 Cookie-kkal kapcsolatos be\u00e1ll\u00edt\u00e1sai jelent\u0151s hat\u00e1ssal vannak a weboldal haszn\u00e1lata sor\u00e1n haszn\u00e1lt Cookie-khoz val\u00f3 hozz\u00e1j\u00e1rul\u00e1sra \u2013 ez a hozz\u00e1j\u00e1rul\u00e1s kifejezhet\u0151 a b\u00f6ng\u00e9sz\u0151 be\u00e1ll\u00edt\u00e1saival. Ennek hi\u00e1ny\u00e1ba m\u00f3dos\u00edtani kell webb\u00f6ng\u00e9sz\u0151 be\u00e1ll\u00edt\u00e1sait a Cookie-kra vonatkoz\u00f3an.<\/p>\r\n<p>5.\u00a0\u00a0 \u00a0Az Adatkezel\u0151 a weboldal haszn\u00e1lat\u00e1val kapcsolatos adatokat (IP-c\u00edm, domain) is feldolgozza, annak \u00e9rdek\u00e9ben, hogy statisztik\u00e1kat hozzon l\u00e9tre a weboldal adminisztr\u00e1ci\u00f3j\u00e1ra vonatkoz\u00f3an. Ezek az adatok t\u00f6megesek, \u00e9s nem tartalmaznak olyan inform\u00e1ci\u00f3kat, amelyek alapj\u00e1n azonos\u00edtani lehet a l\u00e1togat\u00f3kat a weboldalon, \u00e9s azokat az Adatkezel\u0151 harmadik felek nem adja \u00e1t.<\/p>\r\n<p><strong>VII.\u00a0\u00a0 \u00a0Z\u00c1R\u00d3 RENDELKEZ\u00c9SEK<\/strong><\/p>\r\n<p>1.\u00a0\u00a0 \u00a0A weboldal tartalmazhat m\u00e1s weboldalakra vonatkoz\u00f3 hivatkoz\u00e1sokat. Az Adatkezel\u0151 azt javasolja, hogy m\u00e1s webhelyek megl\u00e1togat\u00e1sa ut\u00e1n olvassa el a webhelyek adatv\u00e9delmi politik\u00e1j\u00e1t. Az Adatkezel\u0151 kijelenti, hogy ez az Adatv\u00e9delmi Szab\u00e1lyzat kiz\u00e1r\u00f3lag az al\u00e1bbi c\u00edmen el\u00e9rhet\u0151 weboldal haszn\u00e1lat\u00e1ra vonatkozik: www.bonawinery.sk<\/p>\r\n<p>2.\u00a0\u00a0 \u00a0Az Adatkezel\u0151 megfelel\u0151 technikai \u00e9s szervezeti int\u00e9zked\u00e9seket alkalmaz annak \u00e9rdek\u00e9ben, hogy a feldolgozott szem\u00e9lyes adatok v\u00e9dettek legyenek, \u00e9s k\u00fcl\u00f6n\u00f6sen v\u00e9di az adatokat a jogosulatlan hozz\u00e1f\u00e9r\u00e9st\u0151l, jogosulatlan szem\u00e9lyekt\u0151l, az alkalmazand\u00f3 jogszab\u00e1lyok megs\u00e9rt\u00e9s\u00e9vel t\u00f6rt\u00e9n\u0151 kezel\u00e9st\u0151l, v\u00e1ltoztat\u00e1sokt\u00f3l, elveszt\u00e9st\u0151l, k\u00e1ros\u00edt\u00e1st\u00f3l vagy megsemmis\u00edt\u00e9st\u0151l.<\/p>\r\n\r\n<p>&nbsp;<\/p>\r\n<p>[\/vc_column_text][\/vc_column][\/vc_row]<\/p>","protected":false},"excerpt":{"rendered":"<p>[vc_row][vc_column][vc_column_text] Sz\u00e1munkra nagyon fontos a szem\u00e9lyes adatok v\u00e9delme. Ez\u00e9rt a hozz\u00e1nk be\u00e9rkez\u0151 adatokat kiz\u00e1r\u00f3lag a jogszab\u00e1lyok alapj\u00e1n dolgozzuk fel. Adatv\u00e9delmi politik\u00e1nk t\u00e1j\u00e9koztatja \u00d6nt a weboldalunkon bel\u00fcli adatfeldolgoz\u00e1s szempontjair\u00f3l. I.\u00a0\u00a0 \u00a0\u00c1LTAL\u00c1NOS RENDELKEZ\u00c9SEK 1.\u00a0\u00a0 \u00a0Az al\u00e1bbi Adatkezel\u00e9si szab\u00e1lyzat a\u00a0B\u00f3na W&amp;T s.r.o.\u00a0sz\u00e1m\u00e1ra az al\u00e1bbi internetes oldalon kereszt\u00fcl \u00e1tadott adatok kezel\u00e9s\u00e9r\u0151l rendelkezik : www.bonawinery.sk 2.\u00a0\u00a0 \u00a0Az internetes oldalon kereszt\u00fcl [&hellip;]<\/p>\n","protected":false},"author":4,"featured_media":0,"parent":0,"menu_order":0,"comment_status":"closed","ping_status":"closed","template":"","meta":[],"yoast_head":"<!-- This site is optimized with the Yoast SEO plugin v15.6.2 - https:\/\/yoast.com\/wordpress\/plugins\/seo\/ -->\n<title>Adatv\u00e9delmi Ir\u00e1nyelvek - Bonawinery<\/title>\n<meta name=\"robots\" content=\"index, follow, max-snippet:-1, max-image-preview:large, max-video-preview:-1\" \/>\n<link rel=\"canonical\" href=\"https:\/\/bonawinery.sk\/hu\/adatvedelmi-iranyelvek\/\" \/>\n<meta property=\"og:locale\" content=\"hu_HU\" \/>\n<meta property=\"og:type\" content=\"article\" \/>\n<meta property=\"og:title\" content=\"Adatv\u00e9delmi Ir\u00e1nyelvek - Bonawinery\" \/>\n<meta property=\"og:description\" content=\"[vc_row][vc_column][vc_column_text] Sz\u00e1munkra nagyon fontos a szem\u00e9lyes adatok v\u00e9delme. Ez\u00e9rt a hozz\u00e1nk be\u00e9rkez\u0151 adatokat kiz\u00e1r\u00f3lag a jogszab\u00e1lyok alapj\u00e1n dolgozzuk fel. Adatv\u00e9delmi politik\u00e1nk t\u00e1j\u00e9koztatja \u00d6nt a weboldalunkon bel\u00fcli adatfeldolgoz\u00e1s szempontjair\u00f3l. I.\u00a0\u00a0 \u00a0\u00c1LTAL\u00c1NOS RENDELKEZ\u00c9SEK 1.\u00a0\u00a0 \u00a0Az al\u00e1bbi Adatkezel\u00e9si szab\u00e1lyzat a\u00a0B\u00f3na W&amp;T s.r.o.\u00a0sz\u00e1m\u00e1ra az al\u00e1bbi internetes oldalon kereszt\u00fcl \u00e1tadott adatok kezel\u00e9s\u00e9r\u0151l rendelkezik : www.bonawinery.sk 2.\u00a0\u00a0 \u00a0Az internetes oldalon kereszt\u00fcl [&hellip;]\" \/>\n<meta property=\"og:url\" content=\"https:\/\/bonawinery.sk\/hu\/adatvedelmi-iranyelvek\/\" \/>\n<meta property=\"og:site_name\" content=\"Bonawinery\" \/>\n<meta property=\"article:modified_time\" content=\"2021-01-19T13:25:54+00:00\" \/>\n<meta name=\"twitter:card\" content=\"summary_large_image\" \/>\n<meta name=\"twitter:label1\" content=\"Becs\u00fclt olvas\u00e1si id\u0151\">\n\t<meta name=\"twitter:data1\" content=\"6 perc\">\n<script type=\"application\/ld+json\" class=\"yoast-schema-graph\">{\"@context\":\"https:\/\/schema.org\",\"@graph\":[{\"@type\":\"WebSite\",\"@id\":\"https:\/\/bonawinery.sk\/#website\",\"url\":\"https:\/\/bonawinery.sk\/\",\"name\":\"Bonawinery\",\"description\":\"Bonawinery\",\"potentialAction\":[{\"@type\":\"SearchAction\",\"target\":\"https:\/\/bonawinery.sk\/?s={search_term_string}\",\"query-input\":\"required name=search_term_string\"}],\"inLanguage\":\"hu\"},{\"@type\":\"WebPage\",\"@id\":\"https:\/\/bonawinery.sk\/hu\/adatvedelmi-iranyelvek\/#webpage\",\"url\":\"https:\/\/bonawinery.sk\/hu\/adatvedelmi-iranyelvek\/\",\"name\":\"Adatv\\u00e9delmi Ir\\u00e1nyelvek - Bonawinery\",\"isPartOf\":{\"@id\":\"https:\/\/bonawinery.sk\/#website\"},\"datePublished\":\"2020-04-08T08:23:39+00:00\",\"dateModified\":\"2021-01-19T13:25:54+00:00\",\"inLanguage\":\"hu\",\"potentialAction\":[{\"@type\":\"ReadAction\",\"target\":[\"https:\/\/bonawinery.sk\/hu\/adatvedelmi-iranyelvek\/\"]}]}]}<\/script>\n<!-- \/ Yoast SEO plugin. -->","_links":{"self":[{"href":"https:\/\/bonawinery.sk\/hu\/wp-json\/wp\/v2\/pages\/3"}],"collection":[{"href":"https:\/\/bonawinery.sk\/hu\/wp-json\/wp\/v2\/pages"}],"about":[{"href":"https:\/\/bonawinery.sk\/hu\/wp-json\/wp\/v2\/types\/page"}],"author":[{"embeddable":true,"href":"https:\/\/bonawinery.sk\/hu\/wp-json\/wp\/v2\/users\/4"}],"replies":[{"embeddable":true,"href":"https:\/\/bonawinery.sk\/hu\/wp-json\/wp\/v2\/comments?post=3"}],"version-history":[{"count":4,"href":"https:\/\/bonawinery.sk\/hu\/wp-json\/wp\/v2\/pages\/3\/revisions"}],"predecessor-version":[{"id":6303,"href":"https:\/\/bonawinery.sk\/hu\/wp-json\/wp\/v2\/pages\/3\/revisions\/6303"}],"wp:attachment":[{"href":"https:\/\/bonawinery.sk\/hu\/wp-json\/wp\/v2\/media?parent=3"}],"curies":[{"name":"wp","href":"https:\/\/api.w.org\/{rel}","templated":true}]}}